{"id":19,"date":"2018-11-19T18:35:33","date_gmt":"2018-11-19T18:35:33","guid":{"rendered":"http:\/\/reinhard-doberenz.de\/?page_id=19"},"modified":"2022-06-07T15:35:01","modified_gmt":"2022-06-07T15:35:01","slug":"team","status":"publish","type":"page","link":"http:\/\/reinhard-doberenz.de\/?page_id=19","title":{"rendered":"Team"},"content":{"rendered":"<p><img loading=\"lazy\" decoding=\"async\" class=\"size-medium wp-image-213\" src=\"http:\/\/reinhard-doberenz.de\/wp-content\/uploads\/2018\/11\/DSC_0937-217x300.jpg\" alt=\"\" width=\"217\" height=\"300\" srcset=\"http:\/\/reinhard-doberenz.de\/wp-content\/uploads\/2018\/11\/DSC_0937-217x300.jpg 217w, http:\/\/reinhard-doberenz.de\/wp-content\/uploads\/2018\/11\/DSC_0937-768x1064.jpg 768w, http:\/\/reinhard-doberenz.de\/wp-content\/uploads\/2018\/11\/DSC_0937-739x1024.jpg 739w, http:\/\/reinhard-doberenz.de\/wp-content\/uploads\/2018\/11\/DSC_0937.jpg 1542w\" sizes=\"auto, (max-width: 217px) 100vw, 217px\" \/><\/p>\n<h1>Dipl.-Psych. Reinhard Doberenz<\/h1>\n<p>Fachpsychologe f\u00fcr Rechtspsychologie<\/p>\n<ul>\n<li><span style=\"font-size: 18pt;\">Schulzeit bis zum Abitur in Leipzig.<\/span><\/li>\n<li><span style=\"font-size: 18pt;\">Abitur im Sommer 1973. Gleichzeitig Berufsabschlu\u00df im Baugewerbe.<br \/>\n<\/span><\/li>\n<li><span style=\"font-size: 18pt;\">Wehrdienst in der Armee<\/span><\/li>\n<li><span style=\"font-size: 18pt;\">Mai bis September 1975 Arbeit auf verschiedenen Leipziger Baustellen .<\/span><\/li>\n<li><span style=\"font-size: 18pt;\">Verschiedene T\u00e4tigkeiten in unterschiedlichen Bereichen (Kirche; Post, Wohnungsverwaltung; Nachrichtenagentur, Altenbetreuung bei der Volkssolidarit\u00e4t).<\/span><\/li>\n<\/ul>\n<ul>\n<li><span style=\"font-size: 18pt;\">Im August 1983 Weggang aus der DDR und \u00dcbersiedlung nach Bremen.<\/span><\/li>\n<li><span style=\"font-size: 18pt;\">Beginn des Psychologiestudiums im Herbst 1984.<\/span><\/li>\n<li><span style=\"font-size: 18pt;\">Mitarbeit an verschiedene Projekten und Forschungsvorhaben. F\u00fcr mehrere Semester auch als Studentische Hilfskraft.<\/span><\/li>\n<li><span style=\"font-size: 18pt;\">1989 Diplomarbeit zum Thema &#8222;Internale und externale Kontroll\u00fcberzeugungen zu Arbeit und Arbeitslosigkeit bei sozial benachteiligten Jugendlichen.&#8220;<\/span><\/li>\n<li><span style=\"font-size: 18pt;\">Seit April 1986 parallel zum Studium Arbeit in einer sozialp\u00e4dagogisch betreuten Jugendwohngemeinschaft des AJJ (Arbeitskreis f\u00fcr Jugendwohngemeinschaften und Jugendberatung, Freier Tr\u00e4ger) e.V. in Bremen.<\/span><\/li>\n<\/ul>\n<p><span style=\"font-size: 18pt;\"><strong>1990-2000<\/strong><\/span><\/p>\n<ul>\n<li><span style=\"font-size: 18pt;\">Diplom 1990.<\/span><\/li>\n<li><span style=\"font-size: 18pt;\">Seit September 1990 bis August 1994 hauptamtlich besch\u00e4ftigt beim AJJ e.V. als Diplom Psychologe in Beratung, Therapie und Diagnostik. Mitarbeit in verschiedenen Gremien der Bremer Heimlandschaft wie etwa der Bremer Heimkonferenz.<\/span><\/li>\n<li><span style=\"font-size: 18pt;\">Seit September 1994 Lehrauftrag an der Hochschule Wismar\/Fachbereich Design Innenarchitektur f\u00fcr Semiotik und Kommunikationstheorien (speziell Wahrnehmungspsychologie)<\/span><\/li>\n<li><span style=\"font-size: 18pt;\">Seit 1994 Arbeit als niedergelassener Psychologe (Auf den Gebieten Verkehrs-Psychotherapie und Forensischer Psychologe) in eigener Praxis.<\/span><\/li>\n<li><span style=\"font-size: 18pt;\">Erlangung der HPG-Zulassung.<\/span><\/li>\n<li><span style=\"font-size: 18pt;\">Von 1996 bis 1999 Mitglied im PRO NON e.V., einem Zusammenschlu\u00df verkehrspsyhotherapeutisch arbeitender niedergelassener Psychotherapeuten.Umzug nach Rostock.<\/span><\/li>\n<li><span style=\"font-size: 18pt;\">Von 1996 bis 1999 Ausbildung zum Psychotherapeuten in Wissenschaftlicher Gespr\u00e4chspsychotherapie.<\/span><\/li>\n<li><span style=\"font-size: 18pt;\">Von 1997 bis 2008 Zusammenarbeit in einer Praxis mit einem Facharzt f\u00fcr Psychiatrie und Neurologie.<\/span><\/li>\n<li><span style=\"font-size: 18pt;\">Seit 1999 Gr\u00fcndungsmitglied des <a href=\"https:\/\/www.ifw-mv.de\/\" target=\"_blank\" rel=\"noopener noreferrer\"><strong>IFW<\/strong><\/a> (Institut f\u00fcr Forensische Wissenschaften in Mecklenburg -Vorpommern) .<\/span><\/li>\n<\/ul>\n<p><span style=\"font-size: 18pt;\"><strong>2000-2022<\/strong><\/span><\/p>\n<ul>\n<li><span style=\"font-size: 18pt;\">Seit 2000 Zertifizierter Rechtspsychologe und ausschlie\u00dflich Arbeit auf dem Gebiet der Rechtspsychologie.<\/span><\/li>\n<li><span style=\"font-size: 18pt;\">Gr\u00fcndungsmitglied des <a href=\"http:\/\/www.afpps.de\/\" target=\"_blank\" rel=\"noopener noreferrer\"><strong>Arbeitskreises Niedergelassener Psychiatrischer und Psychologischer Sachverst\u00e4ndiger<\/strong><\/a> &#8211; seither im Vorstand<\/span><\/li>\n<li><span style=\"font-size: 18pt;\">Von 2004 bis 2010 im Vorstand der Sektion Rechtspsychologie des BDP.<\/span><\/li>\n<\/ul>\n<p><span style=\"font-size: 18pt;\"><a href=\"https:\/\/www.psychologische-hochschule.de\/studium-ausbildung\/rechtspsychologie\/praxispartner\/\" target=\"_blank\" rel=\"noopener noreferrer\"><strong>Praxispartner der Psychologischen Hochschule Berlin im Masterstudiengang Rechtspsychologie<\/strong><\/a><\/span><\/p>\n<h1><img loading=\"lazy\" decoding=\"async\" class=\"alignnone  wp-image-172\" src=\"http:\/\/reinhard-doberenz.de\/wp-content\/uploads\/2018\/11\/IMG_1108-300x169.jpg\" alt=\"\" width=\"366\" height=\"206\" srcset=\"http:\/\/reinhard-doberenz.de\/wp-content\/uploads\/2018\/11\/IMG_1108-300x169.jpg 300w, http:\/\/reinhard-doberenz.de\/wp-content\/uploads\/2018\/11\/IMG_1108-768x432.jpg 768w, http:\/\/reinhard-doberenz.de\/wp-content\/uploads\/2018\/11\/IMG_1108-1024x576.jpg 1024w\" sizes=\"auto, (max-width: 366px) 100vw, 366px\" \/><\/h1>\n<h1>Dr. Jana Thomas<\/h1>\n<ul>\n<li><span style=\"font-size: 18pt;\">1991- 2004<\/span><br \/>\n<span style=\"font-size: 18pt;\">Schulausbildung in Rostock, Abschluss mit dem Abitur<\/span><\/li>\n<li><span style=\"font-size: 18pt;\">08 \/ 2004<\/span><br \/>\n<span style=\"font-size: 18pt;\">Beginn des Studiums der Psychologie an der CAU Kiel<\/span><\/li>\n<li><span style=\"font-size: 18pt;\">09 \/ 2009<\/span><br \/>\n<span style=\"font-size: 18pt;\">Bestehen des Diploms, Diplomarbeit mit dem Thema &#8222;Die Gutachtenpraxis im Kontext der Sicherungsverwahrung&#8220; bei Prof. Dr. G\u00fcnter K\u00f6hnken<\/span><\/li>\n<li><span style=\"font-size: 18pt;\">03 \/ 2009<\/span><br \/>\n<span style=\"font-size: 18pt;\">Studentische und wissenschaftliche Hilfskraft am Institut f\u00fcr Psychologie der CAU Kiel in einem Projekt zum polizeilichen Umgang mit\u00a0 jungen Mehrfach-\/Intensivt\u00e4tern in NRW<\/span><\/li>\n<li><span style=\"font-size: 18pt;\">01 \/ 2010<\/span><br \/>\n<span style=\"font-size: 18pt;\">Wissenschaftliche Hilfskraft am Institut f\u00fcr Psychologie der CAU Kiel in einem Projekt zum Zusammenhang zwischen Kinderarmut und Kinderdelinquenz in Kiel<\/span><\/li>\n<li><span style=\"font-size: 18pt;\">Seit 01\/ 2010<\/span><br \/>\n<span style=\"font-size: 18pt;\">Weiterbildung zum Fachpsychologen f\u00fcr Rechtspsychologie<\/span><\/li>\n<li><span style=\"font-size: 18pt;\">Seit 01 \/ 2011<\/span><br \/>\n<span style=\"font-size: 18pt;\">Dissertation zum Thema Verfahrensbeschleunigung im Jugendstrafrecht bei Prof. Dr. Thomas Bliesener<\/span><\/li>\n<li><span style=\"font-size: 18pt;\">Promoviert zum Dr. phil. im November 2014<\/span><\/li>\n<li><span style=\"font-size: 18pt;\">Fachpsychologin f\u00fcr Rechtspsychologie seit November 2015<\/span><\/li>\n<\/ul>\n<h1><img loading=\"lazy\" decoding=\"async\" class=\"alignnone size-medium wp-image-248\" src=\"http:\/\/reinhard-doberenz.de\/wp-content\/uploads\/2019\/05\/Bild_Lembcke-4-291x300.jpg\" alt=\"\" width=\"291\" height=\"300\" srcset=\"http:\/\/reinhard-doberenz.de\/wp-content\/uploads\/2019\/05\/Bild_Lembcke-4-291x300.jpg 291w, http:\/\/reinhard-doberenz.de\/wp-content\/uploads\/2019\/05\/Bild_Lembcke-4-768x792.jpg 768w, http:\/\/reinhard-doberenz.de\/wp-content\/uploads\/2019\/05\/Bild_Lembcke-4-992x1024.jpg 992w\" sizes=\"auto, (max-width: 291px) 100vw, 291px\" \/><\/h1>\n<h1>Henriette Lembcke<\/h1>\n<h1><span style=\"font-size: 18pt;\"><strong>Dipl. Psych. | M.Sc. Rechtspsychologie<\/strong><\/span><\/h1>\n<p><strong>Schulische und akademische Ausbildung\u00a0\u00a0\u00a0\u00a0\u00a0\u00a0\u00a0 <\/strong><\/p>\n<ul>\n<li><span style=\"font-size: 18pt;\">1994 \u2013 2007\u00a0\u00a0\u00a0\u00a0\u00a0\u00a0\u00a0\u00a0\u00a0\u00a0\u00a0\u00a0\u00a0\u00a0\u00a0\u00a0\u00a0<\/span><\/li>\n<li><span style=\"font-size: 18pt;\">Schulausbildung in Rostock, Abschluss allgemeine Hochschulreife<\/span><\/li>\n<li><span style=\"font-size: 18pt;\">10|2007 \u2013 12|2012\u00a0\u00a0\u00a0\u00a0\u00a0\u00a0\u00a0\u00a0<\/span><\/li>\n<li><span style=\"font-size: 18pt;\">Studium der Psychologie, Universit\u00e4t Greifswald &#8211; Nebenfach Psychiatrie<\/span><\/li>\n<li><span style=\"font-size: 18pt;\">12|2012\u00a0\u00a0\u00a0\u00a0\u00a0\u00a0\u00a0\u00a0\u00a0\u00a0\u00a0\u00a0\u00a0\u00a0\u00a0\u00a0\u00a0\u00a0\u00a0\u00a0\u00a0\u00a0\u00a0<\/span><\/li>\n<li><span style=\"font-size: 18pt;\">Diplom Psychologie (mit Auszeichnung), Universit\u00e4t Greifswald<\/span><\/li>\n<li><span style=\"font-size: 18pt;\">Titel der Diplomarbeit: \u201eEmpathische Akkuratheit der Befindlichkeitseinsch\u00e4tzung psychiatrischer Patienten\/innen durch das Pflegeteam\u201c<\/span><\/li>\n<li><span style=\"font-size: 18pt;\">seit 10|2013\u00a0\u00a0\u00a0\u00a0\u00a0\u00a0\u00a0\u00a0\u00a0\u00a0\u00a0\u00a0<\/span><\/li>\n<li><span style=\"font-size: 18pt;\">Promotionsstudium, Universit\u00e4t Greifswald<\/span><\/li>\n<li><span style=\"font-size: 18pt;\">Monographie zum Thema Kognitive Regulation selbstbewertender Emotionen und deren Auswirkung auf moralische Entscheidungen<\/span><\/li>\n<li><span style=\"font-size: 18pt;\">04|2015 \u2013 08|2018\u00a0\u00a0\u00a0\u00a0\u00a0\u00a0\u00a0\u00a0\u00a0<\/span><\/li>\n<li><span style=\"font-size: 18pt;\">Postgraduales Studium der Rechtspsychologie, Psychologische Hochschule Berlin<\/span><\/li>\n<li><span style=\"font-size: 18pt;\">Schwerpunkte Straft\u00e4terbegutachtung und Aussagepsychologie<\/span><\/li>\n<li><span style=\"font-size: 18pt;\">08|2018\u00a0\u00a0\u00a0\u00a0\u00a0\u00a0\u00a0\u00a0\u00a0\u00a0\u00a0\u00a0\u00a0\u00a0\u00a0\u00a0\u00a0\u00a0\u00a0\u00a0\u00a0\u00a0<\/span><\/li>\n<li><span style=\"font-size: 18pt;\">Master of Science (M.Sc.) Rechtspsychologie, Psychologische Hochschule Berlin<\/span><\/li>\n<\/ul>\n<p><strong>Beruflicher Werdegang <\/strong><\/p>\n<ul>\n<li><span style=\"font-size: 18pt;\">10|2009 \u2013 12|2012\u00a0\u00a0\u00a0\u00a0\u00a0\u00a0\u00a0\u00a0\u00a0<\/span><\/li>\n<li><span style=\"font-size: 18pt;\">Studentische Hilfskraft am Lehrstuhl f\u00fcr Differentielle und Pers\u00f6nlichkeitspsychologie \/ Psychologische Diagnostik, Universit\u00e4t Greifswald<\/span><\/li>\n<li><span style=\"font-size: 18pt;\">03|2011 \u2013 04|2011\u00a0\u00a0\u00a0\u00a0\u00a0\u00a0\u00a0\u00a0\u00a0<\/span><\/li>\n<li><span style=\"font-size: 18pt;\">Praktikum, Rechtspsychologische Praxis Doberenz, Rostock<\/span><\/li>\n<li><span style=\"font-size: 18pt;\">03|2011 \u2013 12|2018\u00a0\u00a0\u00a0\u00a0\u00a0\u00a0\u00a0\u00a0\u00a0<\/span><\/li>\n<li><span style=\"font-size: 18pt;\">Freie Mitarbeit in Rostocker Praxis f\u00fcr Rechtspsychologie<\/span><\/li>\n<li><span style=\"font-size: 18pt;\">01|2013 \u2013 12|2016\u00a0\u00a0\u00a0\u00a0\u00a0\u00a0\u00a0\u00a0\u00a0<\/span><\/li>\n<li><span style=\"font-size: 18pt;\">Wwissenschaftliche Mitarbeiterin am Lehrstuhl f\u00fcr Differentielle und Pers\u00f6nlichkeitspsychologie \/ Psychologische Diagnostik, Universit\u00e4t Greifswald<\/span><\/li>\n<li><span style=\"font-size: 18pt;\">10|2014 \u2013 11|2015\u00a0\u00a0\u00a0\u00a0\u00a0\u00a0\u00a0\u00a0\u00a0<\/span><\/li>\n<li><span style=\"font-size: 18pt;\">Mentee im Mentoring-Programm KarriereWegeMentoring M-V f\u00fcr Doktorandinnen, Universit\u00e4ten Greifswald und Rostock (Mentorin: Prof. Dr. Renate Volbert)<\/span><\/li>\n<li><span style=\"font-size: 18pt;\">01|2017 \u2013 12|2018\u00a0\u00a0\u00a0\u00a0\u00a0\u00a0\u00a0\u00a0<\/span><\/li>\n<li><span style=\"font-size: 18pt;\">Wissenschaftliche Mitarbeiterin am Lehrstuhl f\u00fcr Entwicklungspsychologie und P\u00e4dagogische Psychologie, Universit\u00e4t Greifswald<\/span><\/li>\n<\/ul>\n","protected":false},"excerpt":{"rendered":"<p>Dipl.-Psych. Reinhard Doberenz Fachpsychologe f\u00fcr Rechtspsychologie Schulzeit bis zum Abitur in Leipzig. Abitur im Sommer 1973. Gleichzeitig Berufsabschlu\u00df im Baugewerbe. Wehrdienst in der Armee Mai bis September 1975 Arbeit auf verschiedenen Leipziger Baustellen . Verschiedene T\u00e4tigkeiten in unterschiedlichen Bereichen (Kirche; Post, Wohnungsverwaltung; Nachrichtenagentur, Altenbetreuung bei der Volkssolidarit\u00e4t). Im August 1983 Weggang aus der DDR und [&hellip;]<\/p>\n","protected":false},"author":1,"featured_media":0,"parent":0,"menu_order":0,"comment_status":"closed","ping_status":"closed","template":"","meta":{"footnotes":""},"class_list":["post-19","page","type-page","status-publish","hentry"],"_links":{"self":[{"href":"http:\/\/reinhard-doberenz.de\/index.php?rest_route=\/wp\/v2\/pages\/19","targetHints":{"allow":["GET"]}}],"collection":[{"href":"http:\/\/reinhard-doberenz.de\/index.php?rest_route=\/wp\/v2\/pages"}],"about":[{"href":"http:\/\/reinhard-doberenz.de\/index.php?rest_route=\/wp\/v2\/types\/page"}],"author":[{"embeddable":true,"href":"http:\/\/reinhard-doberenz.de\/index.php?rest_route=\/wp\/v2\/users\/1"}],"replies":[{"embeddable":true,"href":"http:\/\/reinhard-doberenz.de\/index.php?rest_route=%2Fwp%2Fv2%2Fcomments&post=19"}],"version-history":[{"count":17,"href":"http:\/\/reinhard-doberenz.de\/index.php?rest_route=\/wp\/v2\/pages\/19\/revisions"}],"predecessor-version":[{"id":284,"href":"http:\/\/reinhard-doberenz.de\/index.php?rest_route=\/wp\/v2\/pages\/19\/revisions\/284"}],"wp:attachment":[{"href":"http:\/\/reinhard-doberenz.de\/index.php?rest_route=%2Fwp%2Fv2%2Fmedia&parent=19"}],"curies":[{"name":"wp","href":"https:\/\/api.w.org\/{rel}","templated":true}]}}